{"id":689,"date":"2015-03-21T13:22:56","date_gmt":"2015-03-21T12:22:56","guid":{"rendered":"https:\/\/autoriinnede.wordpress.com\/?page_id=19"},"modified":"2023-06-08T03:11:20","modified_gmt":"2023-06-08T01:11:20","slug":"antonella-marchisella","status":"publish","type":"page","link":"https:\/\/www.innede.net\/english\/antonella-marchisella\/","title":{"rendered":"ANTONELLA MARCHISELLA"},"content":{"rendered":"<blockquote>\n<h2><a href=\"https:\/\/autoriinnede.files.wordpress.com\/2015\/03\/foto-web.jpg\"><img loading=\"lazy\" class=\" size-medium wp-image-67 alignright\" src=\"https:\/\/autoriinnede.files.wordpress.com\/2015\/03\/foto-web.jpg?w=300\" alt=\"FOTO-WEB\" width=\"300\" height=\"280\" \/><\/a><em><strong>E-BOOK PUBBLICATO<\/strong><\/em><\/h2>\n<h2><em><strong>\u00a0<\/strong><\/em><\/h2>\n<h2><em><strong>CARTACEO ASSENTE<\/strong><\/em><\/h2>\n<h2><em><strong>\u00a0<\/strong><\/em><\/h2>\n<h2><em><strong>BIOGRAFIA<\/strong><\/em><\/h2>\n<\/blockquote>\n<h4 style=\"text-align: justify;\">Antonella Marchisella, Scrittrice e Redattrice, ha anni di esperienze editoriali e redazionali, ha collaborato con testate giornalistiche e gruppi editoriali in tutta Italia tra cui il grande Gruppo Banzai S.p.a. Milano, occupandosi in particolare della redazione di articoli ed interviste per Girlpower Esprimi te stessa, Magazine Pianeta Donna e Magazine Pianeta Mamma. Rilevante anche la sua collaborazione nella sezione cronaca del Quotidiano milanese on-line La Voce d&#8217;Italia, fondato e diretto da Marco Marsili.<br \/>\nNel Marzo del 2009 firma\u00a0un contratto editoriale con Aletti Editore di Altre Sembianze S.r.l. , che la porta alla pubblicazione nell\u2019Ottobre del 2009 di \u2018Litio e Marea: disturbo bipolare\u2019, un libro dedicato alla diversit\u00e0 con tema di fondo il bipolarismo depressivo. Il libro \u00e8 una silloge di poesie che negli anni richiamano l\u2019attenzione di vari editori tra cui Editrice Solleone e Edizioni Eventualmente, editori che pubblicano rispettivamente \u2018Litio e Marea\u2019 (in formato e-book) nei primi mesi del 2011, e \u2018Litio pensieri disciolti nell\u2019acido\u2019 (in formato cartaceo) nel Dicembre del 2011. Quest&#8217;ultimo contiene un omaggio poetico della scrittrice a Paulo Coelho.<br \/>\n<a href=\"https:\/\/autoriinnede.files.wordpress.com\/2015\/03\/copertina-where-is-the-love.jpg\"><img loading=\"lazy\" class=\" size-medium wp-image-71 alignleft\" src=\"https:\/\/autoriinnede.files.wordpress.com\/2015\/03\/copertina-where-is-the-love.jpg?w=212\" alt=\"COPERTINA WHERE IS THE LOVE\" width=\"212\" height=\"300\" \/><\/a>Nel 2011 Eventualmente Edizioni pubblica \u2018\u2019Al confine con il buio. Soldato millenovecentoventi&#8221; un\u2019opera di Antonella Marchisella e Antonio Traettino, un vero e proprio diario di prigionia risalente alla seconda guerra mondiale. Nel 2011 viene redatta altres\u00ec una sceneggiatura, tratta da questo libro, a cura del Professore di recitazione e sceneggiatore Adriano Zara, che prende il nome di &#8221;Ai confini del buio. Soldato Unonoveduezero&#8221;.<br \/>\nAlcuni testi scritti da Antonella Marchisella sono contenuti anche in numerose antologie poetiche: &#8221;Il rumore della poesia 1&#8221; e &#8221;Il rumore della poesia 2&#8221; editi nel 2012 e nel 2013 dal noto poeta ed editore Nicola Rampin. L\u2019autrice vince diversi Concorsi Internazionali di Poesia: \u00e8 infatti tra gli autori vincitori del Concorso \u2018Parole in fuga\u2019 nel Dicembre del 2009 con i suoi testi &#8220;Sentimento nello Spazio&#8221; e &#8220;Nel mare delle cose&#8221; pubblicati all&#8217;interno del libro \u2018Parole in fuga Volume 6\u2019 di Aletti Editore ed \u00e8 altres\u00ec tra gli autori vincitori della prima, della seconda e della terza edizione del Concorso internazionale \u2018Il Federiciano\u2019 di Aletti Editore, con le sue poesie &#8220;White Sacrifice&#8221;, \u2018\u2019Le foglie sono gli abiti degli angeli\u2019\u2019 e \u2018\u2019Bolle di carta con Dio\u2019\u2019. E&#8217; tra gli autori vincitori del Concorso &#8221;Dedicato a&#8230;Poesie per ricordare&#8221; di Aletti editore e Rivista Orizzonti. Il suo testo poetico sar\u00e0 presente nell&#8217;omonima antologia che verr\u00e0 pubblicata nel Maggio 2015. E&#8217;\u00a0inoltre autrice del racconto &#8221;Giacinto blu&#8221; presente nel libro &#8221;L&#8217;indice delle esistenze\u00a0&#8211; L&#8217;amore&#8221; di Aletti editore.<br \/>\n<a href=\"https:\/\/autoriinnede.files.wordpress.com\/2015\/03\/cop4.jpg\"><img loading=\"lazy\" class=\" size-medium wp-image-69 alignleft\" src=\"https:\/\/autoriinnede.files.wordpress.com\/2015\/03\/cop4.jpg?w=212\" alt=\"COP4\" width=\"212\" height=\"300\" \/><\/a>Nell&#8217;Ottobre 2013 Antonella Marchisella pubblica un monologo di tre minuti con INNEDE EDITION, in formato e-book, dal titolo &#8221;Where is the love&#8221; (Attualmente in vendita su Amazon in edizione italiana, dal titolo &#8221;Dov&#8217;\u00e8 l&#8217;amore&#8221;). La soundtrack del monologo \u00e8 stata realizzata dalla cantante partenopea Barbara Pironti. Nell&#8217;Agosto del 2014 pubblica &#8221;Piccolo manuale sui disturbi del comportamento alimentare&#8221;, in formato e-book, con INNEDE EDITION.<\/h4>\n<h4 style=\"text-align: justify;\">Antonella Marchisella \u00e8 stata redattrice e responsabile della rubrica &#8216;Stay behind&#8217; del mensile di giornalismo forense &#8221;Cronaca &amp; Dossier&#8221; e\u00a0si occupa altres\u00ec\u00a0di redigere articoli per un centro di intelligence.<\/h4>\n<h4 style=\"text-align: justify;\">E&#8217; direttrice di una collana editoriale di saggi di psicologia, filosofia e attualit\u00e0.<\/h4>\n<h4 style=\"text-align: justify;\">Tra le sue passioni e professioni c&#8217;\u00e8 anche il counseling e la naturopatia, \u00e8 altres\u00ec diplomata in naturopatia.<\/h4>\n<h4 style=\"text-align: justify;\"><\/h4>\n<p><b>Breve descrizione dell\u2019opera<\/b><\/p>\n<h4 style=\"text-align: justify;\"><a href=\"https:\/\/autoriinnede.files.wordpress.com\/2015\/03\/copertina2.jpg\"><img loading=\"lazy\" class=\" size-medium wp-image-70 alignleft\" src=\"https:\/\/autoriinnede.files.wordpress.com\/2015\/03\/copertina2.jpg?w=212\" alt=\"COPERTINA2\" width=\"212\" height=\"300\" \/><\/a><\/h4>\n<h4 style=\"text-align: justify;\">Piccolo Speciale sui Disturbi del Comportamento Alimentare \u00e8 una raccolta di interviste realizzate dalla scrittrice <b>Antonella Marchisella <\/b>nell\u2019ambito di uno speciale giornalistico ideato da \u2018Girlpower esprimi te stessa\u2019 di Banzai Media S.r.l. nel biennio 2009\/2011.<\/h4>\n<h4 style=\"text-align: justify;\"><\/h4>\n<h4 style=\"text-align: justify;\">I contenuti sono stati revisionati e aggiornati nell\u2019anno 2013.<\/h4>\n<h4 style=\"text-align: justify;\">Nello speciale si susseguono interventi di medici, psicologi, nutrizionisti, scrittori e associazioni di fama internazionale che hanno espresso le proprie conoscenze sull\u2019argomento, rendendo questo piccolo manuale uno strumento prezioso per un primo approccio al mondo dei disturbi del comportamento alimentare.<\/h4>\n<h4 style=\"text-align: justify;\">Si ringraziano tutti coloro che hanno partecipato alle interviste e alla realizzazione del libro.<\/h4>\n<h4 style=\"text-align: justify;\"><b>REPORT 3 edizioni<\/b><\/h4>\n<h4 style=\"text-align: justify;\">&#8220;Piccolo Manuale sui disturbi del comportamento alimentare&#8221; \u00e8 un e-book che raccoglie alcune interviste a ragazze affette da disturbi alimentari, che pu\u00f2 essere un valido aiuto per affrontare questo tipo di problemi<\/h4>\n<h4 style=\"text-align: justify;\">Piccolo Manuale sui disturbi del comportamento alimentare<\/h4>\n<h4 style=\"text-align: justify;\"><b>A cura di Antonella Marchisella<\/b>, Scrittrice, Counselor e Naturopata<\/h4>\n<h4 style=\"text-align: justify;\"><i>\u2018\u2019Piccolo manuale sui disturbi del comportamento alimentare\u2019\u2019<\/i>\u00a0\u00e8 un pratico e-book che\u00a0<b>raccoglie parte delle interviste realizzate per Girlpower\u00a0<\/b>negli anni 2009-2011 nell\u2019ambito dello\u00a0speciale sui disturbi alimentari\u00a0ideato dalla redazione.<\/h4>\n<h4 style=\"text-align: justify;\">Quarant\u2019anni fa l\u2019<a href=\"http:\/\/community.girlpower.it\/anoressia-nervosa-possibile-uscirne-vt197406.html\">anoressia nervosa<\/a>\u00a0era una patologia poco conosciuta e in alcuni paesi fu definita come la \u2018\u2019malattia della cura dimagrante\u2019\u2019, classificandola dunque come un\u00a0<b>tentativo di perdere peso, sminuendola<\/b>\u00a0in un primo tempo. In verit\u00e0 si tratta di una\u00a0<b>condizione particolarmente dolorosa<\/b>\u00a0sia per chi la vive in prima persona sia per chi \u00e8 vicino a coloro che hanno questo tipo di problematiche.<\/h4>\n<h4 style=\"text-align: justify;\"><b>Disordini alimentari (24 immagini)<\/b>Foto sui disordini e disturbi alimentari<\/h4>\n<h4 style=\"text-align: justify;\">La comunit\u00e0 dei terapeuti cognitivo-comportamentali ha realizzato per prima dei\u00a0<b>manuali di auto-aiuto<\/b>\u00a0raccogliendo all\u2019interno di essi delle tecniche specifiche per determinati disturbi, e rendendo cos\u00ec accessibili a un vasto numero di persone delle metodologie di grande aiuto. Personalmente ne ho letti molti e li ritengo uno strumento di grande importanza. E\u2019 chiaro che i manuali di aiuto-aiuto\u00a0<b>non sostituiscono un terapeuta<\/b>, ma \u00e8 fondamentale rendere disponibili delle conoscenze e delle tecniche utili ad acquisire consapevolezza di comportamenti disfunzionali e volte a modificarli, o quanto meno a compiere un primo passo.<\/h4>\n<p><em><strong>10 Falsi miti sulla bulimia<\/strong><\/em><\/p>\n<h4 style=\"text-align: justify;\">Tuttavia\u00a0<i>\u2018\u2019Piccolo manuale sui disturbi del comportamento alimentare\u2019\u2019<\/i><b>\u00a0non \u00e8 un manuale di auto-aiuto<\/b>. E\u2019 un e-book di 80 pagine che si compone di una prima, di una seconda e di una terza parte, che nel complesso<b>\u00a0raccoglie le interviste di Girlpower fatte a psicologi, nutrizionisti, medici, counselor, scrittori e associazioni\u00a0<\/b>di fama internazionale che hanno espresso le proprie conoscenze in tema di disturbi del comportamento alimentare, mettendo in evidenza le subdole dinamiche.<\/h4>\n<h4 style=\"text-align: justify;\">I contenuti sono stati recentemente revisionati e aggiornati, anche con nuove interviste. Nell\u2019e-book\u00a0<b>si affrontano, oltre al tema dell\u2019anoressia, anche altri tipi di disturbi<\/b>\u00a0come la\u00a0bulimia, il binge eating disorder, i disturbi atipici come diabulimia, vigoressia, ortoressia, sindrome da alimentazione notturna,\u00a0vomiting, e vi \u00e8 altres\u00ec uno sguardo su alcune pratiche pericolosissime utilizzate per accelerare il dimagrimento come l\u2019uso di droghe.<\/h4>\n<p><strong>Come riconoscere l&#8217;anoressia<\/strong><\/p>\n<h4 style=\"text-align: justify;\">Vorrei concludere questa presentazione con l\u2019importanza che rivestono i genitori, i quali\u00a0<b>sovente ignorano quale sia l\u2019approccio pi\u00f9 adeguato<\/b>\u00a0per avvicinarsi a un\/una figlio\/a che soffre di disturbi del comportamento alimentare: la famiglia in questo senso pu\u00f2 svolgere un ruolo fondamentale. Superato lo shock iniziale,\u00a0<b>\u00e8 importante cercare di non aggredire<\/b>\u00a0il proprio figlio\/a e di non mettergli addosso pi\u00f9 ansia di quanta gi\u00e0 non ne abbia, dirottandolo\/a subito da specialisti e medici vari. Io penso che questa sia una fase da condividere insieme e senza forzature, preceduta da un vero dialogo e comprensione.<\/h4>\n<h4 style=\"text-align: justify;\"><i>\u2018\u2019Piccolo manuale sui disturbi del comportamento alimentare\u2019\u2019\u00a0<\/i>\u00e8 edito dall\u2019agenzia letteraria Innede Edition ed \u00e8\u00a0<a href=\"http:\/\/www.amazon.it\/PICCOLO-MANUALE-DISTURBI-COMPORTAMENTO-ALIMENTARE-ebook\/dp\/B00N1PMYTG\">in vendita su Amazon<\/a>\u00a0al costo di 3 euro.<\/h4>\n<h4 style=\"text-align: justify;\"><a href=\"https:\/\/autoriinnede.files.wordpress.com\/2015\/03\/foto-web.jpg\"><img loading=\"lazy\" class=\"size-medium wp-image-67\" src=\"https:\/\/autoriinnede.files.wordpress.com\/2015\/03\/foto-web.jpg?w=300\" alt=\"FOTO-WEB\" width=\"300\" height=\"280\" \/><\/a><\/h4>\n","protected":false},"excerpt":{"rendered":"<p>E-BOOK PUBBLICATO \u00a0 CARTACEO ASSENTE \u00a0 BIOGRAFIA Antonella Marchisella, Scrittrice e Redattrice, ha anni di esperienze editoriali e redazionali, ha collaborato con testate giornalistiche e gruppi editoriali in tutta Italia tra cui il grande Gruppo Banzai S.p.a. Milano, occupandosi in particolare della redazione di articoli ed interviste per Girlpower Esprimi te stessa, Magazine Pianeta Donna<a class=\"moretag\" href=\"https:\/\/www.innede.net\/english\/antonella-marchisella\/\"><span class=\"screen-reader-text\">Read more about ANTONELLA MARCHISELLA<\/span>[&#8230;]<\/a><\/p>\n","protected":false},"author":1,"featured_media":0,"parent":0,"menu_order":0,"comment_status":"closed","ping_status":"open","template":"","meta":[],"yoast_head":"<!-- This site is optimized with the Yoast SEO plugin v18.9 - https:\/\/yoast.com\/wordpress\/plugins\/seo\/ -->\n<title>ANTONELLA MARCHISELLA - Innede Edition<\/title>\n<meta name=\"robots\" content=\"index, follow, max-snippet:-1, max-image-preview:large, max-video-preview:-1\" \/>\n<link rel=\"canonical\" href=\"https:\/\/www.innede.net\/english\/antonella-marchisella\/\" \/>\n<meta property=\"og:locale\" content=\"en_GB\" \/>\n<meta property=\"og:type\" content=\"article\" \/>\n<meta property=\"og:title\" content=\"ANTONELLA MARCHISELLA - Innede Edition\" \/>\n<meta property=\"og:description\" content=\"E-BOOK PUBBLICATO \u00a0 CARTACEO ASSENTE \u00a0 BIOGRAFIA Antonella Marchisella, Scrittrice e Redattrice, ha anni di esperienze editoriali e redazionali, ha collaborato con testate giornalistiche e gruppi editoriali in tutta Italia tra cui il grande Gruppo Banzai S.p.a. Milano, occupandosi in particolare della redazione di articoli ed interviste per Girlpower Esprimi te stessa, Magazine Pianeta DonnaRead more about ANTONELLA MARCHISELLA[...]\" \/>\n<meta property=\"og:url\" content=\"https:\/\/www.innede.net\/english\/antonella-marchisella\/\" \/>\n<meta property=\"og:site_name\" content=\"Innede Edition\" \/>\n<meta property=\"article:publisher\" content=\"https:\/\/www.facebook.com\/Innede\/\" \/>\n<meta property=\"article:modified_time\" content=\"2023-06-08T01:11:20+00:00\" \/>\n<meta property=\"og:image\" content=\"https:\/\/autoriinnede.files.wordpress.com\/2015\/03\/foto-web.jpg?w=300\" \/>\n<meta name=\"twitter:card\" content=\"summary\" \/>\n<meta name=\"twitter:site\" content=\"@MaurizioOrtuso\" \/>\n<meta name=\"twitter:label1\" content=\"Estimated reading time\" \/>\n\t<meta name=\"twitter:data1\" content=\"7 minutes\" \/>\n<script type=\"application\/ld+json\" class=\"yoast-schema-graph\">{\"@context\":\"https:\/\/schema.org\",\"@graph\":[{\"@type\":\"WebSite\",\"@id\":\"https:\/\/www.innede.net\/english\/#website\",\"url\":\"https:\/\/www.innede.net\/english\/\",\"name\":\"Innede Edition\",\"description\":\"London UK\",\"potentialAction\":[{\"@type\":\"SearchAction\",\"target\":{\"@type\":\"EntryPoint\",\"urlTemplate\":\"https:\/\/www.innede.net\/english\/?s={search_term_string}\"},\"query-input\":\"required name=search_term_string\"}],\"inLanguage\":\"en-GB\"},{\"@type\":\"ImageObject\",\"inLanguage\":\"en-GB\",\"@id\":\"https:\/\/www.innede.net\/english\/antonella-marchisella\/#primaryimage\",\"url\":\"https:\/\/autoriinnede.files.wordpress.com\/2015\/03\/foto-web.jpg?w=300\",\"contentUrl\":\"https:\/\/autoriinnede.files.wordpress.com\/2015\/03\/foto-web.jpg?w=300\"},{\"@type\":\"WebPage\",\"@id\":\"https:\/\/www.innede.net\/english\/antonella-marchisella\/#webpage\",\"url\":\"https:\/\/www.innede.net\/english\/antonella-marchisella\/\",\"name\":\"ANTONELLA MARCHISELLA - Innede Edition\",\"isPartOf\":{\"@id\":\"https:\/\/www.innede.net\/english\/#website\"},\"primaryImageOfPage\":{\"@id\":\"https:\/\/www.innede.net\/english\/antonella-marchisella\/#primaryimage\"},\"datePublished\":\"2015-03-21T12:22:56+00:00\",\"dateModified\":\"2023-06-08T01:11:20+00:00\",\"breadcrumb\":{\"@id\":\"https:\/\/www.innede.net\/english\/antonella-marchisella\/#breadcrumb\"},\"inLanguage\":\"en-GB\",\"potentialAction\":[{\"@type\":\"ReadAction\",\"target\":[\"https:\/\/www.innede.net\/english\/antonella-marchisella\/\"]}]},{\"@type\":\"BreadcrumbList\",\"@id\":\"https:\/\/www.innede.net\/english\/antonella-marchisella\/#breadcrumb\",\"itemListElement\":[{\"@type\":\"ListItem\",\"position\":1,\"name\":\"Home\",\"item\":\"https:\/\/www.innede.net\/english\/\"},{\"@type\":\"ListItem\",\"position\":2,\"name\":\"ANTONELLA MARCHISELLA\"}]}]}<\/script>\n<!-- \/ Yoast SEO plugin. -->","yoast_head_json":{"title":"ANTONELLA MARCHISELLA - Innede Edition","robots":{"index":"index","follow":"follow","max-snippet":"max-snippet:-1","max-image-preview":"max-image-preview:large","max-video-preview":"max-video-preview:-1"},"canonical":"https:\/\/www.innede.net\/english\/antonella-marchisella\/","og_locale":"en_GB","og_type":"article","og_title":"ANTONELLA MARCHISELLA - Innede Edition","og_description":"E-BOOK PUBBLICATO \u00a0 CARTACEO ASSENTE \u00a0 BIOGRAFIA Antonella Marchisella, Scrittrice e Redattrice, ha anni di esperienze editoriali e redazionali, ha collaborato con testate giornalistiche e gruppi editoriali in tutta Italia tra cui il grande Gruppo Banzai S.p.a. Milano, occupandosi in particolare della redazione di articoli ed interviste per Girlpower Esprimi te stessa, Magazine Pianeta DonnaRead more about ANTONELLA MARCHISELLA[...]","og_url":"https:\/\/www.innede.net\/english\/antonella-marchisella\/","og_site_name":"Innede Edition","article_publisher":"https:\/\/www.facebook.com\/Innede\/","article_modified_time":"2023-06-08T01:11:20+00:00","og_image":[{"url":"https:\/\/autoriinnede.files.wordpress.com\/2015\/03\/foto-web.jpg?w=300"}],"twitter_card":"summary","twitter_site":"@MaurizioOrtuso","twitter_misc":{"Estimated reading time":"7 minutes"},"schema":{"@context":"https:\/\/schema.org","@graph":[{"@type":"WebSite","@id":"https:\/\/www.innede.net\/english\/#website","url":"https:\/\/www.innede.net\/english\/","name":"Innede Edition","description":"London UK","potentialAction":[{"@type":"SearchAction","target":{"@type":"EntryPoint","urlTemplate":"https:\/\/www.innede.net\/english\/?s={search_term_string}"},"query-input":"required name=search_term_string"}],"inLanguage":"en-GB"},{"@type":"ImageObject","inLanguage":"en-GB","@id":"https:\/\/www.innede.net\/english\/antonella-marchisella\/#primaryimage","url":"https:\/\/autoriinnede.files.wordpress.com\/2015\/03\/foto-web.jpg?w=300","contentUrl":"https:\/\/autoriinnede.files.wordpress.com\/2015\/03\/foto-web.jpg?w=300"},{"@type":"WebPage","@id":"https:\/\/www.innede.net\/english\/antonella-marchisella\/#webpage","url":"https:\/\/www.innede.net\/english\/antonella-marchisella\/","name":"ANTONELLA MARCHISELLA - Innede Edition","isPartOf":{"@id":"https:\/\/www.innede.net\/english\/#website"},"primaryImageOfPage":{"@id":"https:\/\/www.innede.net\/english\/antonella-marchisella\/#primaryimage"},"datePublished":"2015-03-21T12:22:56+00:00","dateModified":"2023-06-08T01:11:20+00:00","breadcrumb":{"@id":"https:\/\/www.innede.net\/english\/antonella-marchisella\/#breadcrumb"},"inLanguage":"en-GB","potentialAction":[{"@type":"ReadAction","target":["https:\/\/www.innede.net\/english\/antonella-marchisella\/"]}]},{"@type":"BreadcrumbList","@id":"https:\/\/www.innede.net\/english\/antonella-marchisella\/#breadcrumb","itemListElement":[{"@type":"ListItem","position":1,"name":"Home","item":"https:\/\/www.innede.net\/english\/"},{"@type":"ListItem","position":2,"name":"ANTONELLA MARCHISELLA"}]}]}},"_links":{"self":[{"href":"https:\/\/www.innede.net\/english\/wp-json\/wp\/v2\/pages\/689"}],"collection":[{"href":"https:\/\/www.innede.net\/english\/wp-json\/wp\/v2\/pages"}],"about":[{"href":"https:\/\/www.innede.net\/english\/wp-json\/wp\/v2\/types\/page"}],"author":[{"embeddable":true,"href":"https:\/\/www.innede.net\/english\/wp-json\/wp\/v2\/users\/1"}],"replies":[{"embeddable":true,"href":"https:\/\/www.innede.net\/english\/wp-json\/wp\/v2\/comments?post=689"}],"version-history":[{"count":1,"href":"https:\/\/www.innede.net\/english\/wp-json\/wp\/v2\/pages\/689\/revisions"}],"predecessor-version":[{"id":1683,"href":"https:\/\/www.innede.net\/english\/wp-json\/wp\/v2\/pages\/689\/revisions\/1683"}],"wp:attachment":[{"href":"https:\/\/www.innede.net\/english\/wp-json\/wp\/v2\/media?parent=689"}],"curies":[{"name":"wp","href":"https:\/\/api.w.org\/{rel}","templated":true}]}}