{"id":7,"date":"2015-03-21T16:11:36","date_gmt":"2015-03-21T15:11:36","guid":{"rendered":"http:\/\/turinmagazine.wordpress.com\/?page_id=1"},"modified":"2021-12-23T18:40:59","modified_gmt":"2021-12-23T17:40:59","slug":"info","status":"publish","type":"page","link":"https:\/\/www.innede.net\/turinmagazine\/","title":{"rendered":"Indice"},"content":{"rendered":"\n<div class=\"wp-block-group\"><div class=\"wp-block-group__inner-container\">\n<div class=\"wp-block-group has-black-color has-text-color\"><div class=\"wp-block-group__inner-container\"><\/div><\/div>\n<\/div><\/div>\n\n\n\n<div class=\"wp-block-image\"><figure class=\"aligncenter is-resized\"><a href=\"https:\/\/toskanamagazine.files.wordpress.com\/2015\/03\/sssss.jpg\"><img loading=\"lazy\" src=\"https:\/\/toskanamagazine.files.wordpress.com\/2015\/03\/sssss.jpg\" alt=\"sssss\" class=\"wp-image-1393\" width=\"520\" height=\"229\"\/><\/a><\/figure><\/div>\n\n\n\n<p><\/p>\n\n\n\n<div class=\"wp-block-columns\">\n<div class=\"wp-block-column\" style=\"flex-basis:100%\">\n<div class=\"wp-block-group\"><div class=\"wp-block-group__inner-container\">\n<figure class=\"wp-block-table alignleft is-style-regular has-medium-font-size\"><table class=\"has-text-color has-fixed-layout\" style=\"color:#000000\"><tbody><tr><td class=\"has-text-align-right\" data-align=\"right\"><a rel=\"noreferrer noopener\" href=\"https:\/\/www.innede.net\/turinmagazine\/?page_id=43\" data-type=\"URL\" target=\"_blank\">ELISABETTA DINI<\/a><br><br>Da qualche tempo\u00a0si aggira nelle sale cinematografiche un certo Jordan Belfort, un tale con gli occhi impazziti e qualche ruga di espressione particolarmente evidente, lui \u00e8 l\u2019ultimo personaggio interpreto da Leonardo Di Caprio che gli \u00e8 gi\u00e0 valso un Golden Globes come miglior attore protagonista.<br><a rel=\"noreferrer noopener\" href=\"https:\/\/www.innede.net\/turinmagazine\/?page_id=43\" target=\"_blank\">CONTINUA QUI<\/a><br><\/td><td><a href=\"https:\/\/www.innede.net\/turinmagazine\/?page_id=43\" target=\"_blank\" rel=\"noreferrer noopener\">Leonardo di Caprio<\/a><br><a href=\"https:\/\/www.innede.net\/turinmagazine\/?page_id=43\" target=\"_blank\" rel=\"noreferrer noopener\"><img loading=\"lazy\" width=\"197\" height=\"256\" src=\"https:\/\/toskanamagazine.files.wordpress.com\/2015\/03\/image455.jpg\" alt=\"image455\"><\/a><\/td><\/tr><tr><td class=\"has-text-align-right\" data-align=\"right\">ALFREDO DI MARTINO<br>La mia amicizia con Chiara Boni mi ha spinto ad accettare il suo invito a Firenze per la sua sfilata di alta moda. In concomitanza del Pitti uomo che impazzava nella citt\u00e0 Fiorentina, feste, ricevimenti \u00e8 ovviamente sfilate.<br><a rel=\"noreferrer noopener\" href=\"https:\/\/toskanamagazine.wordpress.com\/alfredo-di-martino\/\" target=\"_blank\"><kbd>CONTINUA QUI<\/kbd><\/a><\/td><td><a href=\"https:\/\/toskanamagazine.wordpress.com\/alfredo-di-martino\/\">Chiara Boni a Firenze<\/a><br><a rel=\"noreferrer noopener\" href=\"https:\/\/toskanamagazine.files.wordpress.com\/2015\/03\/image408.jpg\" target=\"_blank\"><img loading=\"lazy\" width=\"300\" height=\"159\" src=\"https:\/\/toskanamagazine.files.wordpress.com\/2015\/03\/image408.jpg?w=300\" alt=\"image408\"><\/a><\/td><\/tr><tr><td class=\"has-text-align-right\" data-align=\"right\"><a href=\"https:\/\/toskanamagazine.wordpress.com\/valentina-ginobili\/\">VALENTINA GINOBILI<\/a><br><br>Aldo Fallai \u00e8 tra i nomi pi\u00f9 noti legati al mondo della fotografia di moda, le sue immagini, catturate dall\u2019obiettivo, trasmettono eleganza e raffinatezza, ma anche originalit\u00e0 e stravaganza.<br><a rel=\"noreferrer noopener\" href=\"https:\/\/toskanamagazine.wordpress.com\/valentina-ginobili\/\" target=\"_blank\"><kbd>CONTINUA QUI<\/kbd><\/a><br><\/td><td><a href=\"https:\/\/toskanamagazine.wordpress.com\/valentina-ginobili\/\">Aldo Fallai <\/a><br><a href=\"https:\/\/toskanamagazine.wordpress.com\/valentina-ginobili\/\">da Giorgio Armani al Rinascimento<\/a><br><img src=\"https:\/\/toskanamagazine.files.wordpress.com\/2015\/03\/15_corriere1.jpg\"><\/td><\/tr><tr><td class=\"has-text-align-right\" data-align=\"right\">STEFANIA PAPARA<br>Attivo nella Firenze rinascimentale , Sandro Botticelli inizi\u00f2 la sua attivit\u00e0 di pittore indipendente a partire dal 1470, dopo il periodo trascorso a bottega da Filippo Lippi e Andrea Vasari.<br>Visse una fase di forte crisi interiore che lo port\u00f2 ad avvicinarsi al movimento religioso di Gerolamo Savonarola. Mor\u00ec nel 1520 a Firenze dopo aver prodotto capolavori profondamente ispirati dalla sua crisi mistica. <a rel=\"noreferrer noopener\" href=\"https:\/\/toskanamagazine.wordpress.com\/sandro-botticelli\/\" target=\"_blank\">continua qui<\/a><\/td><td><a href=\"https:\/\/toskanamagazine.wordpress.com\/sandro-botticelli\/\" target=\"_blank\" rel=\"noreferrer noopener\">SANDRO BOTTICELLI<\/a><br><a href=\"https:\/\/toskanamagazine.wordpress.com\/sandro-botticelli\/\" target=\"_blank\" rel=\"noreferrer noopener\"><img src=\"https:\/\/turinmagazine.files.wordpress.com\/2015\/05\/ang_the_botticelli_renaissance_580x237.jpg\" alt=\"ang_the_botticelli_renaissance_580x237\"><\/a><\/td><\/tr><tr><td class=\"has-text-align-right\" data-align=\"right\"><a href=\"https:\/\/toskanamagazine.wordpress.com\/chiara-betti\/\">CHIARA BETTI<\/a><\/td><td><a href=\"https:\/\/toskanamagazine.wordpress.com\/chiara-betti\/\"> L\u2019era degli E-Book<\/a><br><img src=\"https:\/\/toskanamagazine.files.wordpress.com\/2015\/03\/namnlc3b6st-11.jpg\"><\/td><\/tr><tr><td class=\"has-text-align-right\" data-align=\"right\">LAURA DONNINI<br>Se hai vissuto&nbsp;a Firenze ti sei&nbsp;inevitabilmente&nbsp;scontrato con&nbsp;l\u2019 eccentricit\u00e0&nbsp;che si nasconde&nbsp;nei bar di quartiere,&nbsp;nei circoli, nei teatri,&nbsp;tra la folla di persone&nbsp;che invadono le piazze, in chi&nbsp;semplicemente&nbsp;dal nulla si avvicina&nbsp;e senza che tu&nbsp;lo abbia chiesto,ti fa immergere&nbsp;nella sua storia. E\u2019 la vita vissuta, raccontata, e ricordata in questa terra di mezzo, troppo grande per essere definita paese e troppo piccola per chiamarla citt\u00e0, crocevia di personalit\u00e0 che hanno dedicato il proprio essere a tutto ci\u00f2 che viene definito arte, il loro essere tali \u00e8 arte stessa. <a href=\"https:\/\/toskanamagazine.wordpress.com\/stefania-papara\/\"> Continua qui<\/a><\/td><td><a href=\"https:\/\/toskanamagazine.wordpress.com\/stefania-papara\/\">Firenze, la culla del rinascimento rock<\/a><br><a href=\"https:\/\/toskanamagazine.files.wordpress.com\/2015\/03\/image5051.jpg\"><img loading=\"lazy\" width=\"271\" height=\"300\" src=\"https:\/\/toskanamagazine.files.wordpress.com\/2015\/03\/image5051.jpg?w=271\" alt=\"image505\"><\/a><\/td><\/tr><tr><td class=\"has-text-align-right\" data-align=\"right\"><a href=\"https:\/\/toskanamagazine.wordpress.com\/elena-pintimalli\/\">ELENA PINTIMALLI<\/a><br>Se vi aggirate sui colli pisani durante la prima quindicina d\u2019Agosto, tappa d\u2019obbligo \u00e8 il festival dedicato alla musica che si svolge a Castellina Marittima. \u201cViva la musica\u201d sono le parole d\u2019ordine e Musica W (da leggersi \u201cviva\u201d come vuole la tradizione) \u00e8 il nome non banale dell\u2019evento che pu\u00f2 rendere indimenticabile questo piccolo borgo toscano. <a rel=\"noreferrer noopener\" href=\"https:\/\/toskanamagazine.wordpress.com\/elena-pintimalli-2\/\" target=\"_blank\"><kbd>CONTINUA QUI<\/kbd><\/a><\/td><td><a href=\"https:\/\/toskanamagazine.wordpress.com\/elena-pintimalli\/\">Viva la musica <\/a><br><a href=\"https:\/\/toskanamagazine.wordpress.com\/elena-pintimalli-2\/\" target=\"_blank\" rel=\"noreferrer noopener\"><img loading=\"lazy\" width=\"300\" height=\"112\" src=\"https:\/\/toskanamagazine.files.wordpress.com\/2015\/03\/image15391.jpg?w=300\" alt=\"image15391\"><\/a><\/td><\/tr><tr><td class=\"has-text-align-right\" data-align=\"right\"><a href=\"https:\/\/toskanamagazine.wordpress.com\/federica-pietrola\/\">FEDERICA PIETROLA\u2019<\/a><br><br>Il Profumo\u201d di Patrick S\u00fcskind \u00e8 uno di quei libri che si lasciano leggere tutto d\u2019un fiato; le frasi scorrono veloci sotto gli occhi attenti del lettore e le parole, creatrici ed epifaniche lo immergono nel mondo del romanzo, nella storia che si dipana pagina dopo pagina.<br><a rel=\"noreferrer noopener\" href=\"https:\/\/toskanamagazine.wordpress.com\/federica-pietrola\/\" target=\"_blank\"><kbd>CONTINUA QUI<\/kbd><\/a><\/td><td><a href=\"https:\/\/toskanamagazine.wordpress.com\/federica-pietrola\/\">Il Profumo&nbsp; S\u00fcskind<\/a><br><a href=\"https:\/\/toskanamagazine.files.wordpress.com\/2015\/03\/image364.jpg\"><img loading=\"lazy\" width=\"200\" height=\"299\" src=\"https:\/\/toskanamagazine.files.wordpress.com\/2015\/03\/image364.jpg\" alt=\"image364\"><\/a><\/td><\/tr><tr><td class=\"has-text-align-right\" data-align=\"right\"><a href=\"https:\/\/toskanamagazine.wordpress.com\/carolina-razetto\/\">CAROLINA RAZETTO<\/a><br><br>Sita in via senese, angolo Porta Romana si trova una pasticceria piccola ma superlativa. Nata nel 1933 dall\u2019idea di nonno Alfredo, un giovane pasticcere che gi\u00e0 lavorava presso una nota pasticceria. Siamo negli anni 30, e sempre in questi anni conosce e si innamora di Lina, che lavorava insieme alla sorella alla pasticceria Cellini.<br><sub><kbd> <\/kbd><\/sub><a rel=\"noreferrer noopener\" href=\"https:\/\/toskanamagazine.wordpress.com\/carolina-razetto\/\" target=\"_blank\"><kbd>CONTINUA QUI<\/kbd><\/a><\/td><td><a href=\"https:\/\/toskanamagazine.wordpress.com\/carolina-razetto\/\">Pasticceria Gualtieri&nbsp; dal 1933 ad oggi<\/a><br><img src=\"https:\/\/toskanamagazine.files.wordpress.com\/2021\/12\/download-1.jpg?w=272\" alt=\"Questa immagine ha l'attributo alt vuoto; il nome del file \u00e8 download-1.jpg\"><\/td><\/tr><tr><td class=\"has-text-align-right\" data-align=\"right\"><strong>MAURIZIO ORTUSO<\/strong><br>Sabato 14 giugno 2014<br>La mattina di buon\u2019ora, mi telefona una mia collega per invitarmi ad incontrare Il Dalai Lama.<br>Verso mezzogiorno ci avviamo, e in poco pi\u00f9 di un\u2019ora, arriviamo nel parcheggio del forum Modigliani, nel centro di Livorno.<br>Ci accoglie un caldo torrido, non certo il meglio che potevamo trovare.<br><a rel=\"noreferrer noopener\" href=\"https:\/\/toskanamagazine.wordpress.com\/incontro-con-dalai-lama\/\" target=\"_blank\"><kbd>CONTINUA QUI<\/kbd><\/a><\/td><td><a href=\"https:\/\/toskanamagazine.wordpress.com\/incontro-con-dalai-lama\/\">Incontro con Dalai Lama<\/a><br><a href=\"https:\/\/toskanamagazine.files.wordpress.com\/2015\/03\/5.jpg\"><img loading=\"lazy\" width=\"140\" height=\"182\" src=\"https:\/\/toskanamagazine.files.wordpress.com\/2015\/03\/5.jpg\" alt=\"5\"><\/a><\/td><\/tr><tr><td class=\"has-text-align-right\" data-align=\"right\"><a href=\"https:\/\/toskanamagazine.wordpress.com\/larvinia-sarchi\/\">LARVINIA SARCHI<\/a><br>E\u2019 tempo di Carnevale, per antonomasia un momento dissacratorio, di allegria e spensieratezza, il momento in cui viene preso in giro in maniera pungente il potere, il momento in cui si pu\u00f2 rompere gli schemi, un momento di riso, non solo per alleviare tensioni, e di questi tempi ce n\u2019\u00e8 bisogno, ma anche per deridere e abbandonarsi a scherzi e sberleffi.&nbsp; <a rel=\"noreferrer noopener\" href=\"https:\/\/toskanamagazine.wordpress.com\/larvinia-sarchi\/\" target=\"_blank\">CONTINUA QUI<\/a><\/td><td><a href=\"https:\/\/toskanamagazine.wordpress.com\/larvinia-sarchi\/\">Arriva il Carnevale a distrarci<\/a><br><a href=\"https:\/\/toskanamagazine.files.wordpress.com\/2015\/03\/image1488.jpg\"><img loading=\"lazy\" width=\"300\" height=\"158\" src=\"https:\/\/toskanamagazine.files.wordpress.com\/2015\/03\/image1488.jpg?w=300\" alt=\"image1488\"><\/a><\/td><\/tr><tr><td class=\"has-text-align-right\" data-align=\"right\"><a href=\"https:\/\/toskanamagazine.wordpress.com\/silvia-lemmi\/\">SILVIA LEMMI<\/a><br><br>La Garfagnana, regione dell\u2019alta Toscana, \u00e8 un connubio di arte e natura. Compresa fra le Alpi Apuane e l\u2019Appennino Tosco-Emiliano, qui la natura dialoga con i numerosi paesini che si adagiano sui crinali di montagna e nel fondovalle.<br><a rel=\"noreferrer noopener\" href=\"https:\/\/toskanamagazine.wordpress.com\/silvia-lemmi\/\" target=\"_blank\">CONTINUA QUI<\/a><br><br><\/td><td><a href=\"https:\/\/toskanamagazine.wordpress.com\/silvia-lemmi\/\">L\u2019Arte in Garfagnana<\/a><br><a href=\"https:\/\/toskanamagazine.files.wordpress.com\/2015\/03\/image507.jpg\"><img loading=\"lazy\" width=\"225\" height=\"300\" src=\"https:\/\/toskanamagazine.files.wordpress.com\/2015\/03\/image507.jpg?w=225\" alt=\"image507\"><\/a><br><\/td><\/tr><tr><td class=\"has-text-align-right\" data-align=\"right\"><a href=\"https:\/\/toskanamagazine.wordpress.com\/giusto-mazelli\/\">GIUSTO MAZELLI<\/a><br><br>Nella parte nord del&nbsp;Grossetano, chiamata&nbsp;l\u2019Alta Maremma. Meno frequentata della parte meridionale (conosciuta per il parco Naturale e la sua natura selvaggia nonch\u00e9 produttrice di vini pi\u00f9 rinomati), eppure non manca di attrattiva.<br><a rel=\"noreferrer noopener\" href=\"https:\/\/toskanamagazine.wordpress.com\/giusto-mazelli\/\" target=\"_blank\">CONTINUA QUI<\/a><\/td><td><a href=\"https:\/\/toskanamagazine.wordpress.com\/giusto-mazelli\/\">Le Colline Metallifere<\/a><br><a href=\"https:\/\/toskanamagazine.files.wordpress.com\/2015\/03\/image1172.jpg\"><img loading=\"lazy\" width=\"300\" height=\"181\" src=\"https:\/\/toskanamagazine.files.wordpress.com\/2015\/03\/image1172.jpg?w=300\" alt=\"image1172\"><\/a><\/td><\/tr><tr><td class=\"has-text-align-right\" data-align=\"right\"><a href=\"https:\/\/toskanamagazine.wordpress.com\/emiliano-grassi\/\">EMILIANO GRASSI<\/a><br><br>L\u2019anno \u00e8 il&nbsp;<strong>1973<\/strong>, il luogo \u00e8 il&nbsp;<strong>\u2018FRIARS AYLESBURY\u2019<\/strong>, per chi non avesse tanto dimestichezza con l\u2019arte musicale d\u2019annata o dannata se preferite, \u00e8 un club dall\u2019importanza fondamentale per la storia della musica e dei gruppi che si sono susseguiti nel corso degli anni e che qui han trovato fama e gloria,&nbsp;<strong>David Bowie<\/strong>,&nbsp;<strong>Genesis<\/strong>,&nbsp;<strong>Pink Floyd<\/strong>,&nbsp;<strong>Lindisfarne<\/strong>,&nbsp;<strong>Van der Graaf Generator<\/strong>, ecc\u2026 ( la lista \u00e8 piuttosto lunghina). <a rel=\"noreferrer noopener\" href=\"https:\/\/toskanamagazine.wordpress.com\/emiliano-grassi\/\" target=\"_blank\">CONTINUA QUI<\/a><\/td><td><a href=\"https:\/\/toskanamagazine.wordpress.com\/emiliano-grassi\/\">Nuovo Album Hammill Lucas<\/a><br><a href=\"https:\/\/toskanamagazine.files.wordpress.com\/2015\/03\/image1225.jpg\"><img loading=\"lazy\" width=\"241\" height=\"300\" src=\"https:\/\/toskanamagazine.files.wordpress.com\/2015\/03\/image1225.jpg?w=241\" alt=\"image1225\"><\/a><\/td><\/tr><tr><td class=\"has-text-align-right\" data-align=\"right\">INNEDE EDITION<br>Il periodo pi\u00f9 bello della mia vita fu quando ero nel grembo di mia madre; l\u00ec stavo davvero bene. Mangiavo a sbafo, non mi disturbava nessuno, non dovevo lavorare, mi sentivo al sicuro e mi facevo delle lunghe dormite senza essere infastidito. Solo ogni tanto mio padre insisteva nello spingermi pi\u00f9 in dentro. Fortunatamente le sue torture duravano solo pochi minuti.<br><a href=\"https:\/\/toskanamagazine.wordpress.com\/i-libri-del-mese\/\" target=\"_blank\" rel=\"noreferrer noopener\">CONTINUA QUI<\/a><\/td><td>&nbsp;<a href=\"https:\/\/toskanamagazine.wordpress.com\/i-libri-del-mese\/\">I&nbsp; Libri del mese<\/a><br><a href=\"https:\/\/toskanamagazine.files.wordpress.com\/2015\/03\/fronte-se-lo-sapevo-non-nascevo_ortuso-maurizio-cosimo-01-fileminimizer.jpg\"><img src=\"https:\/\/toskanamagazine.files.wordpress.com\/2021\/12\/41ziro88del._sx331_bo1204203200_.jpg?w=333\" alt=\"Questa immagine ha l'attributo alt vuoto; il nome del file \u00e8 41ziro88del._sx331_bo1204203200_.jpg\"><\/a><\/td><\/tr><tr><td class=\"has-text-align-right\" data-align=\"right\"><a href=\"https:\/\/toskanamagazine.wordpress.com\/tiziana-gagliardotto\/\">TIZIANA GAGLIARDOTTO<\/a><br><strong>Dal<\/strong>&nbsp;silenzio e dal buio prende vita questo piccolo capolavoro di&nbsp;<strong>Schmitt<\/strong>. &nbsp;&nbsp;<strong>Dal&nbsp;<\/strong>silenzio dell\u2019umanit\u00e0, rimasta tacita e inerme dinanzi all\u2019orrore del nazismo e dei suoi atroci delitti; dal silenzio dell\u2019anima rimasta&nbsp; sola con le sue domande, con i suoi perch\u00e9; dal silenzio dell\u2019uomo che, sopraffatto dal dolore e dalla sconfitta si ripiega su s\u00e9 stesso nello sconforto e nella disperazione. E poi c\u2019\u00e8 il buio. <a href=\"https:\/\/toskanamagazine.wordpress.com\/tiziana-gagliardotto\/\" target=\"_blank\" rel=\"noreferrer noopener\">CONTINUA QUI<\/a><br><\/td><td><a href=\"https:\/\/toskanamagazine.wordpress.com\/tiziana-gagliardotto\/\">Un viaggio tra Anima e Cuore<\/a><a href=\"https:\/\/toskanamagazine.files.wordpress.com\/2015\/03\/image877.jpg\"><img loading=\"lazy\" width=\"237\" height=\"173\" src=\"https:\/\/toskanamagazine.files.wordpress.com\/2015\/03\/image877.jpg\" alt=\"image877\"><\/a><\/td><\/tr><tr><td class=\"has-text-align-right\" data-align=\"right\"><a href=\"https:\/\/toskanamagazine.wordpress.com\/alessandro-marchi\/\">ALESSANDRO MARCHI<\/a><br>Il libro del professor Walter Block \u00e8 fondamentale per avvicinarsi alla filosofia politica e al pensiero liberale e libertario pi\u00f9 in generale. Attraverso l\u2019analisi di alcuni comportamenti e di alcuni tra i \u2018mestieri\u2019 ritenuti pi\u00f9 spregevoli, immorali e assosociali, Block mette in evidenza la distanza tra la sua visione libertaria e la visione &#8230;&#8230;..<br><a rel=\"noreferrer noopener\" href=\"https:\/\/toskanamagazine.wordpress.com\/alessandro-marchi\/\" target=\"_blank\">CONTINUA QUI<\/a><br><\/td><td><a href=\"https:\/\/toskanamagazine.wordpress.com\/alessandro-marchi\/\">Il libro del professor&nbsp; Walter Block<\/a><br><a href=\"https:\/\/toskanamagazine.files.wordpress.com\/2015\/03\/image1334.jpg\"><img loading=\"lazy\" width=\"237\" height=\"167\" src=\"https:\/\/toskanamagazine.files.wordpress.com\/2015\/03\/image1334.jpg\" alt=\"image1334\"><\/a><\/td><\/tr><tr><td class=\"has-text-align-right\" data-align=\"right\"><a href=\"https:\/\/toskanamagazine.wordpress.com\/emiliano-falorni\/\">EMILIANO FALORNI<\/a><br>Con questa rubrica \u00e8 mia intenzione, non solo dare nuove e vecchie ricette per una cucina anche ad effetto, ma far s\u00ec di educare ad una culinaria salubre, meno dispendiosa, e che soddisfi buona parte dei lettori.<br><a href=\"https:\/\/toskanamagazine.wordpress.com\/emiliano-falorni\/\" target=\"_blank\" rel=\"noreferrer noopener\">CONTINUA QUI<\/a><\/td><td><a href=\"https:\/\/toskanamagazine.wordpress.com\/emiliano-falorni\/\">Gourmet&nbsp; <\/a><a href=\"https:\/\/toskanamagazine.files.wordpress.com\/2015\/03\/image1176.jpg\"><img loading=\"lazy\" width=\"275\" height=\"183\" src=\"https:\/\/toskanamagazine.files.wordpress.com\/2015\/03\/image1176.jpg\" alt=\"image1176\"><\/a><\/td><\/tr><tr><td class=\"has-text-align-right\" data-align=\"right\">DAVIDE MICELLI<br>Una lunga e apparentemente intrigante lista di allettanti qualit\u00e0, il cui unico scopo \u00e8 quello di attirare potenziali candidati a presentare domanda per un lavoro che in realt\u00e0 non esiste. <a href=\"https:\/\/toskanamagazine.wordpress.com\/azienda-un-termine-abusato\/\" target=\"_blank\" rel=\"noreferrer noopener\">CONTINUA QUI<\/a><\/td><td><a rel=\"noreferrer noopener\" href=\"https:\/\/toskanamagazine.wordpress.com\/azienda-un-termine-abusato\/\" target=\"_blank\">Azienda: un termine abusato<\/a><br><img src=\"https:\/\/toskanamagazine.files.wordpress.com\/2015\/03\/villa-1.jpg\"><\/td><\/tr><tr><td class=\"has-text-align-right\" data-align=\"right\"><a href=\"https:\/\/toskanamagazine.wordpress.com\/il-salento-di-flavia-ottolini\/\" target=\"_blank\" rel=\"noreferrer noopener\">FLAVIA OTTOLINI<\/a><br>La penisola salentina, pi\u00f9 comunemente conosciuta come Salento, \u00e8 un\u2019area che si estende a Sud della Puglia e che copre completamente la provincia di Lecce e in parte anche le zone del brindisino e del tarantino.&nbsp; Lingua di terra bagnata dai due mari, si colloca nel cuore del mediterraneo, presentando una storia antica di secoli sia dal punto di vista archeologico che da quello artistico, culturale e naturalistico.<br><a href=\"https:\/\/toskanamagazine.wordpress.com\/il-salento-di-flavia-ottolini\/\" target=\"_blank\" rel=\"noreferrer noopener\">CONTINUA QUI<\/a><\/td><td>&nbsp;<a href=\"https:\/\/toskanamagazine.wordpress.com\/il-salento-di-flavia-ottolini\/\" target=\"_blank\" rel=\"noreferrer noopener\">Il Salento <\/a><img loading=\"lazy\" width=\"300\" height=\"230\" src=\"https:\/\/toskanamagazine.files.wordpress.com\/2015\/03\/image321.jpg?w=300\" alt=\"image321\"><\/td><\/tr><tr><td class=\"has-text-align-right\" data-align=\"right\">INNEDE EDITION<br>Le donne s\u00ec! che sanno come essere felici, a loro basta avviarsi tra le vetrate dei negozi, comprarsi qualcosa di grazioso e acquistano subito felicit\u00e0. <a href=\"https:\/\/toskanamagazine.wordpress.com\/toskana-magazine\/marilyn-monroe\/\" target=\"_blank\" rel=\"noreferrer noopener\">CONTINUA QUI<\/a><\/td><td><a href=\"https:\/\/toskanamagazine.wordpress.com\/toskana-magazine\/marilyn-monroe\/\" target=\"_blank\" rel=\"noreferrer noopener\">Marilyn Monroe<\/a><br><a rel=\"noreferrer noopener\" href=\"https:\/\/toskanamagazine.wordpress.com\/toskana-magazine\/marilyn-monroe\/\" target=\"_blank\"><img src=\"https:\/\/toskanamagazine.files.wordpress.com\/2015\/10\/12032024_10154261992368986_4552531418497611915_n.jpg?w=300\" alt=\"Questa immagine ha l'attributo alt vuoto; il nome del file \u00e8 12032024_10154261992368986_4552531418497611915_n.jpg\"><\/a><\/td><\/tr><tr><td class=\"has-text-align-right\" data-align=\"right\">MAURIZIO ORTUSO<br>Quando devo scriverti, mi sale sempre un attacco di ansia e perci\u00f2 non so mai da dove iniziare. Se debutto con il raccontare di me, corro il rischio di essere captato per squilibrato oppure che sia confuso con un novelliere. Se invece, inizio con il presentare il contenuto si manifesta all\u2019interno della mia mente contorta, degli indefinibili dubbi per il semplice fatto che potrei essere smascherato come un tale che non sa scrivere.<a href=\"https:\/\/toskanamagazine.wordpress.com\/caro-lettore-2\/\" target=\"_blank\" rel=\"noreferrer noopener\"> CONTINUA QUI<\/a><\/td><td><a href=\"https:\/\/toskanamagazine.wordpress.com\/caro-lettore-2\/\" target=\"_blank\" rel=\"noreferrer noopener\">Caro Lettore<\/a><br><img src=\"https:\/\/toskanamagazine.files.wordpress.com\/2021\/12\/images-2.jpg?w=318\" alt=\"Questa immagine ha l'attributo alt vuoto; il nome del file \u00e8 images-2.jpg\"><\/td><\/tr><tr><td class=\"has-text-align-right\" data-align=\"right\"><a href=\"http:\/\/www.innede.net\/INNEDE%20MAGAZINE\/TOSKANA%20WEB\/TOSKANA%20DUE_file\/filippomoretti.htm\">FILIPPO MORETTI<\/a><br>Chengdu \u00e8 la capitale del Sichuan e, con i suoi 14 milioni di abitanti, \u00e8 la quarta metropoli pi\u00f9 grande della Cina. Si trova al centro del Sichuan il quale a sua volta si pu\u00f2 considerare il cuore romantico della Cina. I centri economici continuano ad essere Pechino e Shanghai, ma questa \u00e8 la terra dei templi buddhisti e taoisti, essa ha dato i natali a scrittori rivoluzionari come Guo Mouruo, ed \u00e8 stata sede di grandi poeti del passato della levatura di Su Dong Po e Libai. Quest&#8217;ultimo poeta taoista, vissuto tra il 701 e il 761, \u00e8&nbsp;per eccellenza il cantore cinese della natura, dell&#8217;ebrezza e delle belle donne. Esiliato in Sichuan dopo essere stato scoperto amoreggiare con una concubina dell&#8217;imperatore, la leggenda lo vede annegare in un lago, dopo che dalla barca ha a tentato di baciare<br><a href=\"https:\/\/toskanamagazine.wordpress.com\/chengdu-lattuale-capitale-mondiale-del-taoismo-di-filippo-moretti\/\" target=\"_blank\" rel=\"noreferrer noopener\">CONTINUA QUI<\/a><\/td><td><a href=\"https:\/\/toskanamagazine.wordpress.com\/chengdu-lattuale-capitale-mondiale-del-taoismo-di-filippo-moretti\/\" target=\"_blank\" rel=\"noreferrer noopener\">Chengdu, l&#8217;attuale capitale mondiale del Taoismo<\/a><br><a href=\"https:\/\/toskanamagazine.wordpress.com\/chengdu-lattuale-capitale-mondiale-del-taoismo-di-filippo-moretti\/\" target=\"_blank\" rel=\"noreferrer noopener\"><img src=\"https:\/\/toskanamagazine.files.wordpress.com\/2021\/12\/download-2-1.jpg?w=279\" alt=\"Questa immagine ha l'attributo alt vuoto; il nome del file \u00e8 download-2-1.jpg\"><\/a><\/td><\/tr><tr><td class=\"has-text-align-right\" data-align=\"right\"><a href=\"http:\/\/www.innede.net\/INNEDE%20MAGAZINE\/TOSKANA%20WEB\/TOSKANA%20DUE_file\/MATILDELAZZARI.htm\">MATILDE LAZZARI<\/a><br>La primavera sta cedendo il passo all\u2019estate ma a Lucca l\u2019aria \u00e8 ancora fresca, i tigli profumano e i platani sulle mura fanno spettacolo della loro verzura. Passeggiare tra le vie e i viottoli di questa citt\u00e0 \u00e8 il miglior modo di visitarla, ma lo sarebbe ancora di pi\u00f9 con in mano un panino farcito o assaggiando le bont\u00e0 che riserva questa citt\u00e0. Ecco quindi una&nbsp;<em>short-guide<\/em>&nbsp;di alcune delle paninerie pi\u00f9 buone del centro. <a href=\"https:\/\/toskanamagazine.wordpress.com\/matilde-lazzari-le-paninerie-a-lucca\/?frame-nonce=d4009d871d\" target=\"_blank\" rel=\"noreferrer noopener\">CONTINUA QUI<\/a><\/td><td><a href=\"https:\/\/toskanamagazine.wordpress.com\/matilde-lazzari-le-paninerie-a-lucca\/?frame-nonce=d4009d871d\" target=\"_blank\" rel=\"noreferrer noopener\">Le Paninerie a Lucca<\/a><br><img src=\"https:\/\/toskanamagazine.files.wordpress.com\/2021\/12\/0wo0n000000mx6zwas_12385468.png?w=150\" alt=\"Questa immagine ha l'attributo alt vuoto; il nome del file \u00e8 0wo0n000000mx6zwas_12385468.png\"><br><br><img src=\"https:\/\/www.innede.net\/wordpress\/wp-content\/uploads\/2015\/05\/image325-200x300.jpg\" alt=\"image325\"><\/td><\/tr><tr><td class=\"has-text-align-right\" data-align=\"right\"><a href=\"https:\/\/toskanamagazine.wordpress.com\/andrea-tasselli\/\">ANDREA TASSELLI<\/a><br>\u201c<strong>Nature<\/strong>\u201d, noto giornale d\u2019informazione scientifica, ha da poco pubblicato la scoperta di un\u2019immensa rete di filamenti cosmici situata nello spazio profondo. L\u2019impresa \u00e8 stata compiuta da un gruppo di ricerca composto da cinque persone, di cui tre fanno parte dell\u2019eccellenza scientifica italiana:&nbsp;<em>Sebastiano Cantalupo<\/em>,&nbsp;<em>Pietro Madau&nbsp;<\/em>(dell\u2019Universit\u00e0 della California a&nbsp;<em>SantaCruz<\/em>) e&nbsp;<em>Fabrizio Arrigoni<\/em>\u2013<em>Battia&nbsp;<\/em>(del&nbsp;<em>Max<\/em>\u2013<em>Planck<\/em>\u2013<em>Institut&nbsp;<\/em>per l\u2019astronomia a&nbsp;<em>Heidelberg<\/em>,). &nbsp;&nbsp;<br><a href=\"https:\/\/toskanamagazine.wordpress.com\/andrea-tasselli\/\" target=\"_blank\" rel=\"noreferrer noopener\">CONTINUA QUI<\/a><\/td><td>&nbsp;<a href=\"https:\/\/toskanamagazine.wordpress.com\/andrea-tasselli\/\" target=\"_blank\" rel=\"noreferrer noopener\">La Scoperta del Cosmo<\/a><img loading=\"lazy\" width=\"300\" height=\"215\" src=\"https:\/\/toskanamagazine.files.wordpress.com\/2015\/03\/image1069.jpg?w=300\" alt=\"image1069\"><\/td><\/tr><tr><td class=\"has-text-align-right\" data-align=\"right\"><a href=\"https:\/\/toskanamagazine.wordpress.com\/milano-di-giulia-tirendi\/\">GIULIA TIRENDI<\/a><br>E\u2019 uno degli eventi pi\u00f9 particolari su cui la citt\u00e0 ha deciso di investire negli ultimi tempi.&nbsp;Dal 28 marzo dello scorso anno Milano si \u00e8 regalata un bagaglio&nbsp;di musica e arte grazie all\u2019entrata in vigore del \u201cRegolamento per la disciplina delle arti di strada\u201d approvata con il sostegno e la deliberazione del Consiglio Comunale.&nbsp;<br><a href=\"http:\/\/E\u2019 uno degli eventi pi\u00f9 particolari su cui la citt\u00e0 ha deciso di investire negli ultimi tempi. Dal 28 marzo dello scorso anno Milano si \u00e8 regalata un bagaglio di musica e arte grazie all\u2019entrata in vigore del \u201cRegolamento per la disciplina delle arti di strada\u201d approvata con il sostegno e la deliberazione del Consiglio Comunale.\" target=\"_blank\" rel=\"noreferrer noopener\">CONTINUA QUI<\/a><\/td><td><a href=\"https:\/\/toskanamagazine.wordpress.com\/milano-di-giulia-tirendi\/\">MILANO<\/a><a href=\"https:\/\/toskanamagazine.files.wordpress.com\/2015\/03\/turin-aprile-2014.jpg\"><br><\/a><a href=\"https:\/\/toskanamagazine.files.wordpress.com\/2015\/03\/milano-piazza-del-duomo.jpg\"><img loading=\"lazy\" width=\"300\" height=\"206\" src=\"https:\/\/toskanamagazine.files.wordpress.com\/2015\/03\/milano-piazza-del-duomo.jpg?w=300\" alt=\"milano piazza del duomo\"><\/a><br><\/td><\/tr><tr><td class=\"has-text-align-right\" data-align=\"right\"><a href=\"https:\/\/toskanamagazine.wordpress.com\/tutto-per-un-bacio-angela-ceraso\/\">ANGELA CERASO<\/a><br><span style=\"color:#000000;\">Tra fiori, saluti ed auguri Angela Ceraso si accingeva a presentare al pubblico il suo romanzo, finalmente poter parlare del testo, le ambientazioni, i personaggi e soprattutto le motivazioni che l\u2019 avevano spinta a scrivere quel romanzo storico contemporaneo.<\/span> <a href=\"\/\/toskanamagazine.wordpress.com\/tutto-per-un-bacio-angela-ceraso\/\">CONTINUA QUI<\/a><\/td><td><a href=\"https:\/\/toskanamagazine.wordpress.com\/tutto-per-un-bacio-angela-ceraso\/\">Tutto per un bacio<\/a><br><a href=\"https:\/\/toskanamagazine.wordpress.com\/tutto-per-un-bacio-angela-ceraso\/\" target=\"_blank\" rel=\"noreferrer noopener\"><img loading=\"lazy\" width=\"198\" height=\"300\" src=\"https:\/\/toskanamagazine.files.wordpress.com\/2015\/03\/image748.jpg?w=198\" alt=\"image748\"><\/a><\/td><\/tr><tr><td class=\"has-text-align-right\" data-align=\"right\"><a href=\"https:\/\/toskanamagazine.wordpress.com\/frida-khalo-oltre-il-mito-lamore-cristina-cocozza\/\">CRISTINA COCOZZA<\/a><br>Pochi mesi fa il museo dell\u2019Orangerie&nbsp; di Parigi ha inaugurato la mostra dedicata a Frida Khalo e Diego Rivera, i due artisti uniti da una passione che ne mischiava i confini, li confondeva come maree contrarie in acque che si incontrano.<br><a href=\"https:\/\/toskanamagazine.wordpress.com\/frida-khalo-oltre-il-mito-lamore-cristina-cocozza\/\" target=\"_blank\" rel=\"noreferrer noopener\">CONTINUA QUI<\/a><\/td><td><a href=\"https:\/\/toskanamagazine.wordpress.com\/frida-khalo-oltre-il-mito-lamore-cristina-cocozza\/\">Frida Khalo oltre il mito l&#8217;amore<\/a><br><a href=\"https:\/\/toskanamagazine.files.wordpress.com\/2015\/03\/image549.jpg\"><img loading=\"lazy\" width=\"224\" height=\"232\" src=\"https:\/\/toskanamagazine.files.wordpress.com\/2015\/03\/image549.jpg\" alt=\"image549\"><\/a><\/td><\/tr><tr><td class=\"has-text-align-right\" data-align=\"right\"><a href=\"https:\/\/toskanamagazine.wordpress.com\/lepoca-multimediale-federica-ipsaro-passione\/\">FEDERICA IPSARO PASSIONE<\/a><br>E\u2019 stata sognata; fin dall\u2019inizio, riportata fantasticamente in racconti storici; pi\u00f9 tardi il Cinema si \u00e8 appropriato di questa idea innovativa e rivoluzionaria, proiettando sullo schermo colossal dal contenuto analogico\u2026anche se forse il significato del termine, in Italia, era pressoch\u00e9 conosciuto. <a href=\"https:\/\/toskanamagazine.wordpress.com\/lepoca-multimediale-federica-ipsaro-passione\/\" target=\"_blank\" rel=\"noreferrer noopener\">CONTINUA QUI<\/a><\/td><td><a href=\"https:\/\/toskanamagazine.wordpress.com\/lepoca-multimediale-federica-ipsaro-passione\/\" target=\"_blank\" rel=\"noreferrer noopener\">L\u2019Epoca Multimediale&nbsp;<\/a><br><img loading=\"lazy\" width=\"300\" height=\"212\" src=\"https:\/\/toskanamagazine.files.wordpress.com\/2015\/03\/image415.jpg?w=300\" alt=\"image415\"><\/td><\/tr><tr><td class=\"has-text-align-right\" data-align=\"right\"><a href=\"https:\/\/toskanamagazine.wordpress.com\/modelle-per-un-giorno-emanuela-iovine\/\">EMANUELA IOVINE<\/a><br>Azienda leader nel settore intimo, mare e total look di cui e\u2019 attualmente testimonial l\u2019ex gieffina Raffaella Fico.<br>Protagoniste dell\u2019evento sono state ventidue bellissime ragazze che si sono contese il tanto ambito primo posto, dando cosi il via alla sfida. <a href=\"https:\/\/toskanamagazine.wordpress.com\/modelle-per-un-giorno-emanuela-iovine\/\" target=\"_blank\" rel=\"noreferrer noopener\">CONTINUA QUI<\/a><\/td><td><a href=\"https:\/\/toskanamagazine.wordpress.com\/modelle-per-un-giorno-emanuela-iovine\/\" target=\"_blank\" rel=\"noreferrer noopener\">Modelle per un giorno<\/a><br><img loading=\"lazy\" width=\"300\" height=\"300\" src=\"https:\/\/toskanamagazine.files.wordpress.com\/2015\/03\/image3701.gif?w=300\" alt=\"image370\"><\/td><\/tr><tr><td class=\"has-text-align-right\" data-align=\"right\"><a href=\"https:\/\/toskanamagazine.wordpress.com\/che-cose-lamor-federica-ipsaro-passione\/\">FEDERICA IPSARO PASSIONE<\/a><br>.. il calore del cuore, un\u2019arma a doppio taglio, l\u2019afrodisiaco dei sensi, passione, dolore, gioia, una perdita di tempo e di energie, complicit\u00e0, un accordo tra parti, privarsi, mettere le catene, liberare lo spirito, coccole e carezze, pena e patimento, ritrovarsi senza fiato\u2026 comunque si vuol definirlo, giustificarlo, intenderlo, <a href=\"https:\/\/toskanamagazine.wordpress.com\/che-cose-lamor-federica-ipsaro-passione\/\" target=\"_blank\" rel=\"noreferrer noopener\">CONTINUA QUI<\/a><\/td><td><a href=\"https:\/\/toskanamagazine.wordpress.com\/che-cose-lamor-federica-ipsaro-passione\/\" target=\"_blank\" rel=\"noreferrer noopener\">Che cos&#8217;\u00e8 \u201cl\u2019Amore\u201d<\/a><br><img loading=\"lazy\" width=\"300\" height=\"254\" src=\"https:\/\/toskanamagazine.files.wordpress.com\/2015\/03\/image4591.jpg?w=300\" alt=\"image459\"><\/td><\/tr><tr><td class=\"has-text-align-right\" data-align=\"right\"><a href=\"https:\/\/toskanamagazine.wordpress.com\/la-poesia-di-denny-montero\/\">DENNY MONTERO<\/a><\/td><td><a href=\"https:\/\/toskanamagazine.wordpress.com\/la-poesia-di-denny-montero\/\">La Poesia<\/a><br><a href=\"https:\/\/toskanamagazine.files.wordpress.com\/2015\/03\/image706.jpg\"><img loading=\"lazy\" width=\"241\" height=\"300\" src=\"https:\/\/toskanamagazine.files.wordpress.com\/2015\/03\/image706.jpg?w=241\" alt=\"image706\"><\/a><\/td><\/tr><tr><td class=\"has-text-align-right\" data-align=\"right\"><a href=\"https:\/\/toskanamagazine.wordpress.com\/la-filosofia-inizia-nellesperienza-della-sofferenza-fabio-del-vecchio\/\">FABIO DEL VECCHIO<\/a><\/td><td><a href=\"https:\/\/toskanamagazine.wordpress.com\/la-filosofia-inizia-nellesperienza-della-sofferenza-fabio-del-vecchio\/\">La filosofia&nbsp; inizia&nbsp; nell\u2019esperienza della sofferenza <\/a><br><a href=\"https:\/\/toskanamagazine.files.wordpress.com\/2015\/03\/image661.jpg\"><img loading=\"lazy\" width=\"238\" height=\"300\" src=\"https:\/\/toskanamagazine.files.wordpress.com\/2015\/03\/image661.jpg?w=238\" alt=\"image661\"><\/a><\/td><\/tr><tr><td class=\"has-text-align-right\" data-align=\"right\"><a href=\"https:\/\/toskanamagazine.wordpress.com\/un-diario-segreto-ma-pubblico-maddalena-bitelli\/\">MADDALENA BITELLI<\/a><\/td><td><a href=\"https:\/\/toskanamagazine.wordpress.com\/un-diario-segreto-ma-pubblico-maddalena-bitelli\/\">Un Diario segreto ma pubblico<\/a><br><a href=\"https:\/\/toskanamagazine.files.wordpress.com\/2015\/03\/image6181.jpg\"><img loading=\"lazy\" width=\"259\" height=\"194\" src=\"https:\/\/toskanamagazine.files.wordpress.com\/2015\/03\/image6181.jpg\" alt=\"image618\"><\/a><\/td><\/tr><tr><td class=\"has-text-align-right\" data-align=\"right\"><a href=\"https:\/\/toskanamagazine.wordpress.com\/the-wolf-of-wall-street-yuri-donofrio\/\">YURI D\u2019ONOFRIO<\/a><\/td><td><a href=\"https:\/\/toskanamagazine.wordpress.com\/the-wolf-of-wall-street-yuri-donofrio\/\">The Wolf of Wall Street<\/a><br><a href=\"https:\/\/toskanamagazine.files.wordpress.com\/2015\/03\/image576.jpg\"><img loading=\"lazy\" width=\"240\" height=\"300\" src=\"https:\/\/toskanamagazine.files.wordpress.com\/2015\/03\/image576.jpg?w=240\" alt=\"image576\"><\/a><br><\/td><\/tr><\/tbody><\/table><\/figure>\n<\/div><\/div>\n<\/div>\n<\/div>\n\n\n\n<div class=\"wp-block-buttons\"><\/div>\n\n\n\n<figure class=\"wp-block-pullquote\"><blockquote><p><a href=\"https:\/\/toskanamagazine.files.wordpress.com\/2015\/03\/sssss.jpg\"><img loading=\"lazy\" width=\"300\" height=\"132\" src=\"https:\/\/toskanamagazine.files.wordpress.com\/2015\/03\/sssss.jpg?w=300\" alt=\"sssss\"><\/a><\/p><\/blockquote><\/figure>\n\n\n\n<h3 class=\"has-text-align-center\" id=\"cosa-dice-la-gente\">Cosa dice la gente<\/h3>\n\n\n\n<div class=\"wp-block-columns alignwide has-3-columns\">\n<div class=\"wp-block-column\">\n<blockquote class=\"wp-block-quote\"><p>Il modo per cominciare \u00e8 smettere di parlare e iniziare ad agire.<\/p><cite>Walt Disney<\/cite><\/blockquote>\n<\/div>\n\n\n\n<div class=\"wp-block-column\">\n<blockquote class=\"wp-block-quote\"><p>Sono le nostre scelte, Harry, che mostrano ci\u00f2 che realmente siamo, molto pi\u00f9 delle nostre abilit\u00e0.<\/p><cite>J. K. Rowling<\/cite><\/blockquote>\n<\/div>\n\n\n\n<div class=\"wp-block-column\">\n<blockquote class=\"wp-block-quote\"><p>Non piangere perch\u00e9 \u00e8 finita, sorridi perch\u00e9 \u00e8 accaduto.<\/p><cite>Dr. Seuss<\/cite><\/blockquote>\n<\/div>\n<\/div>\n\n\n\n<p><em><strong><a title=\"ALESSANDRO MARCHI\" href=\"https:\/\/toskanamagazine.wordpress.com\/alessandro-marchi\/\">Il libro del professor<\/a><\/strong><\/em><\/p>\n\n\n\n<p><a title=\"ALESSANDRO MARCHI\" href=\"https:\/\/toskanamagazine.wordpress.com\/alessandro-marchi\/\"><em><strong>&nbsp;Walter Block<\/strong><\/em><\/a> <a title=\"ALESSANDRO MARCHI\" href=\"https:\/\/toskanamagazine.wordpress.com\/alessandro-marchi\/\"><em><strong> <span style=\"color:#800000;\">ALESSANDRO MARCHI<\/span><\/strong><\/em><\/a><\/p>\n\n\n\n<p class=\"has-text-align-left\"><em><strong>&nbsp;<a title=\"INCONTRO CON DALAI LAMA\" href=\"https:\/\/toskanamagazine.wordpress.com\/incontro-con-dalai-lama\/\">INCONTRO CON&nbsp;DALAI LAMA<\/a><\/strong><\/em><\/p>\n\n\n\n<p class=\"has-text-align-left\"><a title=\"AZIENDA: UN TERMINE ABUSATO\" href=\"https:\/\/toskanamagazine.wordpress.com\/azienda-un-termine-abusato\/\"><em><strong>AZIENDA: UN TERMINE ABUSATO<\/strong><\/em><\/a><\/p>\n\n\n\n<p><em><strong>&nbsp;<a title=\"MILANO DI GIULIA TIRENDI\" href=\"https:\/\/toskanamagazine.wordpress.com\/milano-di-giulia-tirendi\/\">Milano Di&nbsp;Giulia Tirendi <\/a><\/strong><\/em><\/p>\n\n\n\n<p><em><strong>&nbsp;<a title=\"TUTTO PER UN BACIO ANGELA CERASO\" href=\"https:\/\/toskanamagazine.wordpress.com\/tutto-per-un-bacio-angela-ceraso\/\">TUTTO PER UN BACIO<\/a><\/strong><\/em><em><strong><a title=\"TUTTO PER UN BACIO ANGELA CERASO\" href=\"https:\/\/toskanamagazine.wordpress.com\/tutto-per-un-bacio-angela-ceraso\/\"> <span style=\"color:#800000;\">ANGELA CERASO<\/span><\/a><\/strong><\/em><\/p>\n\n\n\n<p><em><strong>&nbsp;I MISTERI DI TORINO&nbsp;CRISTINA COLET<\/strong><\/em><\/p>\n\n\n\n<p class=\"has-text-align-left\"><em><strong>&nbsp;SHOPPING&nbsp; TOUR<\/strong><\/em><\/p>\n\n\n\n<p class=\"has-text-align-left\"><a title=\"TIZIANA GAGLIARDOTTO\" href=\"https:\/\/toskanamagazine.wordpress.com\/tiziana-gagliardotto\/\"><em><strong>&nbsp;UN VIAGGIO TRA&nbsp;ANIMA E CUORE&nbsp;TIZIANA GAGLIARDOTTO <\/strong><\/em><\/a><\/p>\n\n\n\n<p class=\"has-text-align-left\"><em><strong>&nbsp;<a title=\"I LIBRI DEL MESE\" href=\"https:\/\/toskanamagazine.wordpress.com\/i-libri-del-mese\/\">I&nbsp; LIBRI DEL MESE<\/a><\/strong><\/em><\/p>\n\n\n\n<p class=\"has-text-align-left\"><em><strong>&nbsp;<a title=\"EMILIANO GRASSI\" href=\"https:\/\/toskanamagazine.wordpress.com\/emiliano-grassi\/\">NUOVO ALBUM&nbsp;HAMMILL LUCAS&nbsp;EMILIANO GRASSI<\/a><\/strong><\/em><\/p>\n\n\n\n<p class=\"has-text-align-left\"><em><strong>&nbsp;<a title=\"GIUSTO MAZELLI\" href=\"https:\/\/toskanamagazine.wordpress.com\/giusto-mazelli\/\">LE COLLINE METALLIFERE&nbsp;GIUSTO MAZELLI<\/a><\/strong><\/em><\/p>\n\n\n\n<p class=\"has-text-align-left\">L\u2019ARTE IN GARFAGNANA&nbsp;SILVIA LEMMI<\/p>\n\n\n\n<p><em><strong>&nbsp;<\/strong><\/em><a title=\"LARVINIA SARCHI\" href=\"https:\/\/toskanamagazine.wordpress.com\/larvinia-sarchi\/\"><em><strong>&nbsp;IL CARNEVALE&nbsp;LARVINIA SARCHI <\/strong><\/em><\/a><\/p>\n\n\n\n<p class=\"has-text-align-left\"><em><strong>&nbsp;<a title=\"CAROLINA RAZETTO\" href=\"https:\/\/toskanamagazine.wordpress.com\/carolina-razetto\/\">Pasticceria Gualtieri &nbsp;<span style=\"color:#800000;\">CAROLINA RAZETTO<\/span><\/a><\/strong><\/em><\/p>\n\n\n\n<p><em><strong><a title=\"FEDERICA PIETROLA\u2019\" href=\"https:\/\/toskanamagazine.wordpress.com\/federica-pietrola\/\">&nbsp;Il Profumo&nbsp; S\u00fcskinD<\/a>&nbsp;<\/strong><\/em><a title=\"FEDERICA PIETROLA\u2019\" href=\"https:\/\/toskanamagazine.wordpress.com\/federica-pietrola\/\"><em><strong>&nbsp;<span style=\"color:#800000;\">FEDERICA PIETROLA\u2019<\/span><\/strong><\/em><\/a><\/p>\n\n\n\n<p class=\"has-text-align-left\"><em><strong>&nbsp;<a title=\"ELENA PINTIMALLI\" href=\"https:\/\/toskanamagazine.wordpress.com\/elena-pintimalli\/\">VIVA LA MUSICA di<\/a>&nbsp;<\/strong><\/em><em><strong><a title=\"ELENA PINTIMALLI\" href=\"https:\/\/toskanamagazine.wordpress.com\/elena-pintimalli\/\">&nbsp;<span style=\"color:#800000;\">ELENA PINTIMALLI<\/span><\/a><\/strong><\/em><\/p>\n\n\n\n<p><em><strong>&nbsp;<a title=\"STEFANIA PAPARA\" href=\"https:\/\/toskanamagazine.wordpress.com\/stefania-papara\/\">Firenze, la culla del rinascimento rock<\/a>&nbsp;<a title=\"STEFANIA PAPARA\" href=\"https:\/\/toskanamagazine.wordpress.com\/stefania-papara\/\">L<\/a><a title=\"STEFANIA PAPARA\" href=\"https:\/\/toskanamagazine.wordpress.com\/stefania-papara\/\">AURA DONNINI<\/a><\/strong><\/em><\/p>\n\n\n\n<p class=\"has-text-align-left\"><a title=\"CHIARA BETTI\" href=\"https:\/\/toskanamagazine.wordpress.com\/chiara-betti\/\"><em><strong>L\u2019ERA DEGLI E-BOOK<\/strong><\/em><\/a><a title=\"CHIARA BETTI\" href=\"https:\/\/toskanamagazine.wordpress.com\/chiara-betti\/\"><em><strong> &nbsp;&nbsp;<span style=\"color:#800000;\">CHIARA BETTI<\/span><\/strong><\/em><\/a><\/p>\n\n\n\n<pre class=\"wp-block-preformatted\"><em><strong>&nbsp;<a title=\"VALENTINA GINOBILI\" href=\"https:\/\/toskanamagazine.wordpress.com\/valentina-ginobili\/\">ALDO FALLAI da Giorgio Armani al Rinascimento &nbsp; &nbsp; &nbsp; &nbsp; &nbsp;&nbsp;<span style=\"color:#800000;\">VALENTINA GINOBILI<\/span><\/a><\/strong><\/em><\/pre>\n\n\n\n<pre class=\"wp-block-verse\"><em><strong><a title=\"ILARIA FAVALI\" href=\"https:\/\/toskanamagazine.wordpress.com\/ilaria-favali\/\">&nbsp;BUENOS AIRES<\/a>&nbsp;<\/strong><\/em><a title=\"ILARIA FAVALI\" href=\"https:\/\/toskanamagazine.wordpress.com\/ilaria-favali\/\"><span style=\"color:#800000;\"><em><strong>ILARIA FAVALI<\/strong><\/em><\/span><\/a><\/pre>\n\n\n\n<blockquote class=\"wp-block-quote\"><p><em><strong>&nbsp;<a title=\"ELISABETTA DINI\" href=\"https:\/\/toskanamagazine.wordpress.com\/elisabetta-dini\/\">LEONARDO DI CAPRIO<\/a>&nbsp;<\/strong><\/em><a title=\"ELISABETTA DINI\" href=\"https:\/\/toskanamagazine.wordpress.com\/elisabetta-dini\/\"><span style=\"color:#800000;\"><em><strong>ELISABETTA DINI<\/strong><\/em><\/span><\/a><\/p><\/blockquote>\n\n\n\n<h2 id=\"chiara-boni-a-firenze-alfredo-di-martino\"><em><strong><a title=\"ALFREDO DI MARTINO\" href=\"https:\/\/toskanamagazine.wordpress.com\/alfredo-di-martino\/\">&nbsp;CHIARA BONI A FIRENZE&nbsp;<\/a>&nbsp;<\/strong><\/em><a title=\"ALFREDO DI MARTINO\" href=\"https:\/\/toskanamagazine.wordpress.com\/alfredo-di-martino\/\"><span style=\"color:#800000;\"><em><strong>ALFREDO DI MARTINO<\/strong><\/em><\/span><\/a><\/h2>\n\n\n\n<h2 id=\"un-bacio-per-un-bicchiere-di-vino\"><em><em><strong>&nbsp;<\/strong><\/em><\/em><a title=\"MARIA GRAZIA SALA\" href=\"https:\/\/toskanamagazine.wordpress.com\/maria-grazia-sala\/\">UN BACIO PER<\/a>&nbsp;<a title=\"MARIA GRAZIA SALA\" href=\"https:\/\/toskanamagazine.wordpress.com\/maria-grazia-sala\/\">UN BICCHIERE DI VINO<\/a><\/h2>\n\n\n\n<h2 id=\"l-epoca-multimediale-di-federica-ipsaro-passione\"><span style=\"color:#800000;\"><a style=\"color:#800000;\" title=\"L\u2019EPOCA MULTIMEDIALE\" href=\"https:\/\/toskanamagazine.wordpress.com\/lepoca-multimediale\/\">L\u2019EPOCA MULTIMEDIALE<\/a>&nbsp;<\/span><a style=\"color:#800000;\" title=\"L\u2019EPOCA MULTIMEDIALE\" href=\"https:\/\/toskanamagazine.wordpress.com\/lepoca-multimediale\/\">Di Federica Ipsaro Passione<\/a><\/h2>\n\n\n\n<p><span style=\"color:#800000;\"><a style=\"color:#800000;\" title=\"MODELLE PER UN GIORNO EMANUELA IOVINE\" href=\"https:\/\/toskanamagazine.wordpress.com\/modelle-per-un-giorno-emanuela-iovine\/\">MODELLE PER UN GIORNO<\/a><\/span><\/p>\n\n\n\n<p><span style=\"color:#800000;\">CHE COS\u2019\u00e8 \u201cL\u2019AMOR\u201d\u2026Di Federica Ipsaro Passione<\/span><\/p>\n\n\n\n<p class=\"has-text-align-left\"><span style=\"color:#800000;\"><a style=\"color:#800000;\" title=\"DIEGO MANZI\" href=\"https:\/\/toskanamagazine.wordpress.com\/diego-manzi\/\"><b>DALLA SCIENZA ALL\u2019ARTE<\/b><\/a><\/span><\/p>\n\n\n\n<p class=\"has-text-align-left\"><span style=\"color:#800000;\"><a style=\"color:#800000;\" title=\"Frida khalo, oltre il mito: l\u2019amore\" href=\"https:\/\/toskanamagazine.wordpress.com\/frida-khalo-oltre-il-mito-lamore\/\">&nbsp;Frida Khalo, oltre il mito: l\u2019amore<\/a><\/span><\/p>\n\n\n\n<p><span style=\"color:#800000;\">&nbsp;<\/span><span style=\"color:#800000;\"><a style=\"color:#800000;\" title=\"The Wolf of Wall Street\" href=\"https:\/\/toskanamagazine.wordpress.com\/the-wolf-of-wall-street\/\">The Wolf of Wall Street<\/a><\/span><\/p>\n\n\n\n<p><span style=\"color:#800000;\">&nbsp;<\/span><span style=\"color:#800000;\"><a style=\"color:#800000;\" title=\"UN DIARIO SEGRETO, MA PUBBLICO\" href=\"https:\/\/toskanamagazine.wordpress.com\/un-diario-segreto-ma-pubblico\/\"><b><i>UN DIARIO SEGRETO, MA PUBBLICO<\/i><\/b><\/a><\/span><\/p>\n\n\n\n<p class=\"has-text-align-left\"><span style=\"color:#800000;\"><a title=\"La filosofia inizia nell\u2019esperienza della sofferenza\" href=\"https:\/\/toskanamagazine.wordpress.com\/la-filosofia-inizia-nellesperienza-della-sofferenza\/\">La filosofia inizia<\/a>&nbsp;<\/span><a title=\"La filosofia inizia nell\u2019esperienza della sofferenza\" href=\"https:\/\/toskanamagazine.wordpress.com\/la-filosofia-inizia-nellesperienza-della-sofferenza\/\"><span style=\"color:#800000;\">nell\u2019esperienza della sofferenza<\/span><\/a><\/p>\n\n\n\n<hr class=\"wp-block-separator is-style-wide\"\/>\n\n\n\n<h2 class=\"has-text-align-center\" id=\"costruiamo-qualcosa-insieme\">Costruiamo qualcosa insieme.<\/h2>\n\n\n","protected":false},"excerpt":{"rendered":"<p>ELISABETTA DINI Da qualche tempo\u00a0si aggira nelle sale cinematografiche un certo Jordan Belfort, un tale con gli occhi impazziti e<\/p>\n","protected":false},"author":1,"featured_media":0,"parent":0,"menu_order":0,"comment_status":"open","ping_status":"closed","template":"page-templates\/contact.php","meta":[],"_links":{"self":[{"href":"https:\/\/www.innede.net\/turinmagazine\/index.php?rest_route=\/wp\/v2\/pages\/7"}],"collection":[{"href":"https:\/\/www.innede.net\/turinmagazine\/index.php?rest_route=\/wp\/v2\/pages"}],"about":[{"href":"https:\/\/www.innede.net\/turinmagazine\/index.php?rest_route=\/wp\/v2\/types\/page"}],"author":[{"embeddable":true,"href":"https:\/\/www.innede.net\/turinmagazine\/index.php?rest_route=\/wp\/v2\/users\/1"}],"replies":[{"embeddable":true,"href":"https:\/\/www.innede.net\/turinmagazine\/index.php?rest_route=%2Fwp%2Fv2%2Fcomments&post=7"}],"version-history":[{"count":33,"href":"https:\/\/www.innede.net\/turinmagazine\/index.php?rest_route=\/wp\/v2\/pages\/7\/revisions"}],"predecessor-version":[{"id":1042,"href":"https:\/\/www.innede.net\/turinmagazine\/index.php?rest_route=\/wp\/v2\/pages\/7\/revisions\/1042"}],"wp:attachment":[{"href":"https:\/\/www.innede.net\/turinmagazine\/index.php?rest_route=%2Fwp%2Fv2%2Fmedia&parent=7"}],"curies":[{"name":"wp","href":"https:\/\/api.w.org\/{rel}","templated":true}]}}